{"id":424,"date":"2011-01-10T12:53:26","date_gmt":"2011-01-10T12:53:26","guid":{"rendered":"http:\/\/www.das-moewenhaus.de\/index.php\/"},"modified":"2026-04-28T20:22:34","modified_gmt":"2026-04-28T18:22:34","slug":"preise","status":"publish","type":"page","link":"https:\/\/www.das-moewenhaus.de\/index.php\/preise\/","title":{"rendered":"Preise"},"content":{"rendered":"<h1>Preise der Ferienwohnungen<\/h1>\n<h3><span style=\"color: #ff9900;\">Das kleine Nest\u00a0\u2013<br \/>\n3-Zimmer-Ferienwohnung, 55 qm bis 3 Personen<\/span><\/h3>\n<p>kostenfreies WLAN im gesamten Ferienhaus<\/p>\n<table id=\"Tabelle\" style=\"height: 366px; width: 163.49957932692308%;\" border=\"0\" width=\"780\" cellspacing=\"0\" cellpadding=\"0\">\n<tbody>\n<tr style=\"height: 48px;\">\n<td style=\"height: 48px;\"><strong>Zeitraum<\/strong><\/td>\n<td style=\"height: 48px;\" align=\"left\">Saison<\/td>\n<td style=\"height: 48px;\" colspan=\"2\"><strong>Preise f\u00fcr Belegung mit max. 6 Personen<\/strong><\/td>\n<td style=\"height: 48px;\"><strong>Mindest\u00fcbernachtungen<\/strong><\/td>\n<\/tr>\n<tr style=\"height: 48px;\">\n<td style=\"height: 48px;\"><\/td>\n<td style=\"height: 48px;\" align=\"left\"><\/td>\n<td style=\"height: 48px;\" align=\"right\">Mietpreis pro Woche*<\/td>\n<td style=\"height: 48px;\" align=\"right\">Mietpreis pro Nacht*<\/td>\n<td style=\"height: 48px;\"><\/td>\n<\/tr>\n<tr style=\"height: 24px;\">\n<td style=\"height: 24px;\">03. Jan. &#8211; 31. Mrz.<\/td>\n<td style=\"height: 24px;\" align=\"left\">Nebensaison<\/td>\n<td style=\"height: 24px;\" align=\"right\">385,- \u20ac<\/td>\n<td style=\"height: 24px;\" align=\"right\">55,- \u20ac<\/td>\n<td style=\"height: 24px;\" align=\"right\">4N\u00e4chte<\/td>\n<\/tr>\n<tr style=\"height: 54px;\">\n<td style=\"height: 54px;\">\n<table style=\"border-collapse: collapse; width: 100%;\">\n<tbody>\n<tr>\n<td style=\"width: 20%;\"><\/td>\n<td style=\"width: 20%;\"><\/td>\n<td style=\"width: 20%;\"><\/td>\n<td style=\"width: 20%;\"><\/td>\n<td style=\"width: 20%;\"><\/td>\n<\/tr>\n<\/tbody>\n<\/table>\n<p>01. Apr. &#8211; Beginn deutscher<br \/>\nSchulsommerferien<\/td>\n<td style=\"height: 54px;\" align=\"left\">\n<table style=\"border-collapse: collapse; width: 100%;\">\n<tbody>\n<tr>\n<td style=\"width: 10.989010989010989%;\"><\/td>\n<td style=\"width: 29.01098901098901%;\"><\/td>\n<td style=\"width: 20%;\"><\/td>\n<td style=\"width: 20%;\"><\/td>\n<td style=\"width: 20%;\"><\/td>\n<\/tr>\n<\/tbody>\n<\/table>\n<p>Vorsaison<\/td>\n<td style=\"height: 54px;\" align=\"right\">525,- \u20ac<\/td>\n<td style=\"height: 54px;\" align=\"right\">75,- \u20ac<\/td>\n<td style=\"height: 54px;\" align=\"right\">4 N\u00e4chte<\/td>\n<\/tr>\n<tr style=\"height: 48px;\">\n<td style=\"height: 48px;\">deutsche<br \/>\nSchulsommerferien<\/td>\n<td style=\"height: 48px;\" align=\"left\">Hauptsaison<\/td>\n<td style=\"height: 48px;\" align=\"right\">651,-\u20ac<\/td>\n<td style=\"height: 48px;\" align=\"right\">93,-\u20ac<\/td>\n<td style=\"height: 48px;\" align=\"right\">(wochenweise Sa.-Sa.)<br \/>\n7 N\u00e4chte<\/td>\n<\/tr>\n<tr style=\"height: 72px;\">\n<td style=\"height: 72px;\">Ende deutscher<br \/>\nSchulsommerferien<br \/>\nbis 31. Oktober<\/td>\n<td style=\"height: 72px;\" align=\"left\">Nachsaison<\/td>\n<td style=\"height: 72px;\" align=\"right\">525,- \u20ac<\/td>\n<td style=\"height: 72px;\" align=\"right\">75,- \u20ac<\/td>\n<td style=\"height: 72px;\" align=\"right\">4N\u00e4chte<\/td>\n<\/tr>\n<tr style=\"height: 24px;\">\n<td style=\"height: 24px;\">01. Nov. &#8211; 21. Dez.<\/td>\n<td style=\"height: 24px;\" align=\"left\">Nebensaison<\/td>\n<td style=\"height: 24px;\" align=\"right\">385,- \u20ac<\/td>\n<td style=\"height: 24px;\" align=\"right\">55,-\u20ac<\/td>\n<td style=\"height: 24px;\" align=\"right\">4 N\u00e4chte<\/td>\n<\/tr>\n<tr style=\"height: 24px;\">\n<td style=\"height: 24px;\">Weihnachten\/Silvester<\/td>\n<td style=\"height: 24px;\" align=\"left\"><\/td>\n<td style=\"height: 24px;\" align=\"right\"><\/td>\n<td style=\"height: 24px;\" align=\"right\"><\/td>\n<td style=\"height: 24px;\" align=\"right\"><\/td>\n<\/tr>\n<tr style=\"height: 24px;\">\n<td style=\"height: 24px;\">22. Dez. &#8211; 02. Jan.<\/td>\n<td style=\"height: 24px;\" align=\"left\">Hauptsaison<\/td>\n<td style=\"height: 24px;\" align=\"right\">651,-\u20ac<\/td>\n<td style=\"height: 24px;\" align=\"right\">93 \u20ac<\/td>\n<td style=\"height: 24px;\" align=\"right\">5 N\u00e4chte<\/td>\n<\/tr>\n<\/tbody>\n<\/table>\n<address>Die Vermietung erfolgt in der Hauptsaison nur wochenweise (Samstag bis Samstag).<\/address>\n<p><strong>Wichtige Preiszus\u00e4tze:<\/strong><br \/>\n&#8211; Zuz\u00fcglich einmalige Endreinigung in H\u00f6he von 87,- Euro<br \/>\n&#8211; bei Haustieren zuz\u00fcglich Endreinigungspauschale von 50,-Euro<br \/>\n&#8211; alle Preise pro Nacht (inkl. Strom und\u00a0Wasser, exkl. Bettw\u00e4sche und Handt\u00fccher)<br \/>\n&#8211; optional\u00a0 gro\u00dfes W\u00e4schepaket (Bettw\u00e4sche, Dusch- und Handtuch) f\u00fcr 23,-Euro pro Person<\/p>\n<h3><span style=\"color: #ff9900;\" data-mce-mark=\"1\">Das gro\u00dfe Nest<br \/>\n3-Zimmer-Ferienwohnung, 92qm bis zu 6 Personen<\/span><\/h3>\n<p>kostenfreies WLAN im gesamten Ferienhaus<\/p>\n<table id=\"Tabelle\" style=\"width: 161.84714833477204%; height: 282px;\" border=\"0\" cellspacing=\"0\" cellpadding=\"0\">\n<tbody>\n<tr>\n<td style=\"width: 23.52185089974293%;\"><strong>Zeitraum<\/strong><\/td>\n<td style=\"width: 11.953727506426736%;\" align=\"left\">Saison<\/td>\n<td style=\"width: 37.91773778920309%;\" colspan=\"2\"><strong>Preise f\u00fcr Belegung mit max. 6 Personen<\/strong><\/td>\n<td style=\"width: 26.47814910025707%;\"><strong>Mindest\u00fcbernachtungen<\/strong><\/td>\n<\/tr>\n<tr>\n<td style=\"width: 23.52185089974293%;\"><\/td>\n<td style=\"width: 11.953727506426736%;\" align=\"left\"><\/td>\n<td style=\"width: 19.28020565552699%;\" align=\"right\">Mietpreis pro Woche*<\/td>\n<td style=\"width: 18.637532133676093%;\" align=\"right\">Mietpreis pro Nacht*<\/td>\n<td style=\"width: 26.47814910025707%;\"><\/td>\n<\/tr>\n<tr>\n<td style=\"width: 23.52185089974293%;\">03. Jan. &#8211; 31. Mrz.<\/td>\n<td style=\"width: 11.953727506426736%;\" align=\"left\">Nebensaison<\/td>\n<td style=\"width: 19.28020565552699%;\" align=\"right\">581,- \u20ac<\/td>\n<td style=\"width: 18.637532133676093%;\" align=\"right\">83,- \u20ac<\/td>\n<td style=\"width: 26.47814910025707%;\" align=\"right\">4N\u00e4chte<\/td>\n<\/tr>\n<tr>\n<td style=\"width: 23.52185089974293%;\">01. Apr. &#8211; Beginn deutsche<br \/>\nSchulsommerferien<\/td>\n<td style=\"width: 11.953727506426736%;\" align=\"left\">Vorsaison<\/td>\n<td style=\"width: 19.28020565552699%;\" align=\"right\">735,- \u20ac<\/td>\n<td style=\"width: 18.637532133676093%;\" align=\"right\">105,- \u20ac<\/td>\n<td style=\"width: 26.47814910025707%;\" align=\"right\">4 N\u00e4chte<\/td>\n<\/tr>\n<tr>\n<td style=\"width: 23.52185089974293%;\">deutsche<br \/>\nSchulsommerferien<\/td>\n<td style=\"width: 11.953727506426736%;\" align=\"left\">Hauptsaison<\/td>\n<td style=\"width: 19.28020565552699%;\" align=\"right\">903,- \u20ac<\/td>\n<td style=\"width: 18.637532133676093%;\" align=\"right\">129,- \u20ac<\/td>\n<td style=\"width: 26.47814910025707%;\" align=\"right\">(wochenweise Sa.-Sa.)<br \/>\n7 N\u00e4chte<\/td>\n<\/tr>\n<tr>\n<td style=\"width: 23.52185089974293%;\">Ende deutscher<br \/>\nSchulsommerferien<br \/>\nbis 31. Oktober<\/td>\n<td style=\"width: 11.953727506426736%;\" align=\"left\">Nachsaison<\/td>\n<td style=\"width: 19.28020565552699%;\" align=\"right\">735,- \u20ac<\/td>\n<td style=\"width: 18.637532133676093%;\" align=\"right\">105,- \u20ac<\/td>\n<td style=\"width: 26.47814910025707%;\" align=\"right\">4 N\u00e4chte<\/td>\n<\/tr>\n<tr>\n<td style=\"width: 23.52185089974293%;\">01.Nov. &#8211; 21. Dez.<\/td>\n<td style=\"width: 11.953727506426736%;\" align=\"left\">Nebensaison<\/td>\n<td style=\"width: 19.28020565552699%;\" align=\"right\">581,- \u20ac<\/td>\n<td style=\"width: 18.637532133676093%;\" align=\"right\">83- \u20ac<\/td>\n<td style=\"width: 26.47814910025707%;\" align=\"right\">4 N\u00e4chte<\/td>\n<\/tr>\n<tr>\n<td style=\"width: 23.52185089974293%;\">Weihnachten\/Silvester<\/td>\n<td style=\"width: 11.953727506426736%;\" align=\"left\"><\/td>\n<td style=\"width: 19.28020565552699%;\" align=\"right\"><\/td>\n<td style=\"width: 18.637532133676093%;\" align=\"right\"><\/td>\n<td style=\"width: 26.47814910025707%;\" align=\"right\"><\/td>\n<\/tr>\n<tr>\n<td style=\"width: 23.52185089974293%;\">22. Dez. &#8211; 02. Jan.<\/td>\n<td style=\"width: 11.953727506426736%;\" align=\"left\">Hauptsaison<\/td>\n<td style=\"width: 19.28020565552699%;\" align=\"right\">903,- \u20ac<\/td>\n<td style=\"width: 18.637532133676093%;\" align=\"right\">129,- \u20ac<\/td>\n<td style=\"width: 26.47814910025707%;\" align=\"right\">5 N\u00e4chte<\/td>\n<\/tr>\n<\/tbody>\n<\/table>\n<address>Die Vermietung erfolgt in der Hauptsaison nur wochenweise (Samstag bis Samstag).<\/address>\n<p><strong>Wichtige Preiszus\u00e4tze:<\/strong><br \/>\n&#8211; Zuz\u00fcglich einmalige Endreinigung in H\u00f6he von 157,-Euro<br \/>\n&#8211; bei Haustieren zuz\u00fcglich Endreinigungspauschale von 50,-Euro<br \/>\n&#8211; alle Preise pro Nacht (inkl. Strom und\u00a0Wasser, exkl. Bettw\u00e4sche und Handt\u00fccher)<br \/>\n&#8211; optional\u00a0 gro\u00dfes W\u00e4schepaket (Bettw\u00e4sche, Dusch- und Handtuch) f\u00fcr 23,-\u20ac pro Person<\/p>\n<p><strong>Kurtaxe: <\/strong>Die Kurtaxe wird an den Vermieter mit Vertragsabschluss gezahlt, wir k\u00fcmmern uns um alle notwendigen Formalit\u00e4ten. Digitale Kurkarten \u00fcber das Kurtaxsystem Zempin.<\/p>\n<p>Kurtaxpflichtiger Zeitraum ist \u00a0ganzj\u00e4hrig, ab 6.Lebensjahr.<\/p>\n<p>Aktuelle Kurtaxe :www.bernsteinbaeder-usedom.de\/zempin\/<\/p>\n<h3>Ansprechpartner vor Ort kompetente Hausverwaltung. Flexible Anreise durch Schl\u00fcsseltressor<\/h3>\n<p><strong>\u00a0<\/strong><\/p>\n","protected":false},"excerpt":{"rendered":"<p>Preise der Ferienwohnungen Das kleine Nest\u00a0\u2013 3-Zimmer-Ferienwohnung, 55 qm bis 3 Personen kostenfreies WLAN im gesamten Ferienhaus Zeitraum Saison Preise f\u00fcr Belegung mit max. 6 Personen Mindest\u00fcbernachtungen Mietpreis pro Woche* Mietpreis pro Nacht* 03. Jan. &#8211; 31. Mrz. Nebensaison 385,- \u20ac 55,- \u20ac 4N\u00e4chte 01. Apr. &#8211; Beginn deutscher Schulsommerferien Vorsaison 525,- \u20ac 75,- \u20ac [&hellip;]<\/p>\n","protected":false},"author":1,"featured_media":0,"parent":0,"menu_order":0,"comment_status":"closed","ping_status":"closed","template":"","meta":{"footnotes":""},"class_list":["post-424","page","type-page","status-publish","hentry"],"_links":{"self":[{"href":"https:\/\/www.das-moewenhaus.de\/index.php\/wp-json\/wp\/v2\/pages\/424","targetHints":{"allow":["GET"]}}],"collection":[{"href":"https:\/\/www.das-moewenhaus.de\/index.php\/wp-json\/wp\/v2\/pages"}],"about":[{"href":"https:\/\/www.das-moewenhaus.de\/index.php\/wp-json\/wp\/v2\/types\/page"}],"author":[{"embeddable":true,"href":"https:\/\/www.das-moewenhaus.de\/index.php\/wp-json\/wp\/v2\/users\/1"}],"replies":[{"embeddable":true,"href":"https:\/\/www.das-moewenhaus.de\/index.php\/wp-json\/wp\/v2\/comments?post=424"}],"version-history":[{"count":39,"href":"https:\/\/www.das-moewenhaus.de\/index.php\/wp-json\/wp\/v2\/pages\/424\/revisions"}],"predecessor-version":[{"id":919,"href":"https:\/\/www.das-moewenhaus.de\/index.php\/wp-json\/wp\/v2\/pages\/424\/revisions\/919"}],"wp:attachment":[{"href":"https:\/\/www.das-moewenhaus.de\/index.php\/wp-json\/wp\/v2\/media?parent=424"}],"curies":[{"name":"wp","href":"https:\/\/api.w.org\/{rel}","templated":true}]}}